{"id":149,"date":"2020-09-28T03:27:45","date_gmt":"2020-09-28T01:27:45","guid":{"rendered":"https:\/\/www.zumkamin-hannover.de\/?page_id=149"},"modified":"2026-03-08T02:26:14","modified_gmt":"2026-03-08T01:26:14","slug":"impressum","status":"publish","type":"page","link":"https:\/\/www.zumkamin-hannover.de\/?page_id=149","title":{"rendered":"Impressum"},"content":{"rendered":"<div id=\"themify_builder_content-149\" data-postid=\"149\" class=\"themify_builder_content themify_builder_content-149 themify_builder\">\n\n    \t\n\t\t<!-- module_row -->\n\t\t<div  class=\"themify_builder_row module_row clearfix repeat fullwidth module_row_0 themify_builder_149_row module_row_149-0\">\n\t\t\t\t\t\t<div class=\"row_inner col_align_top gutter-none\"   data-basecol=\"1\" data-col_tablet=\"tablet-full\" data-col_mobile=\"mobile-full\">\n                            \n\t\t<div  class=\"module_column tb-column col-full first tb_149_column module_column_0 module_column_149-0-0 repeat\" >\n                                                                <div class=\"tb-column-inner\">\n                            \t\t<div class=\"themify_builder_sub_row module_subrow clearfix repeat sub_row_0-0-0\">\n\t\t                    <div class=\"subrow_inner col_align_top\" >\n                                       <div  class=\"col-full sub_column module_column first sub_column_post_149 sub_column_0-0-0-0\"> \n                                                      <\/div>\n\t\t                    <\/div>\n                <\/div><!-- \/themify_builder_sub_row -->\n                                        <\/div>\n                    \t\t<\/div>\n\t\t                                <\/div>\n                                <!-- \/row_inner -->\n                        <\/div>\n                        <!-- \/module_row -->\n\t\t\t\n\t\t<!-- module_row -->\n\t\t<div  class=\"themify_builder_row module_row clearfix repeat fullwidth module_row_1 themify_builder_149_row module_row_149-1\">\n\t\t\t\t\t\t<div class=\"row_inner col_align_top gutter-none\"   data-basecol=\"1\" data-col_tablet=\"tablet-full\" data-col_mobile=\"mobile-full\">\n                            \n\t\t<div  class=\"module_column tb-column col-full first tb_149_column module_column_0 module_column_149-1-0 repeat\" >\n                                                                <div class=\"tb-column-inner\">\n                            \n\n\n    <!-- module menu -->\n    <div  id=\"menu-149-1-0-0\" class=\"module module-menu menu-149-1-0-0  \">\n        <!--insert-->\n        \n        <div class=\"menu-zurueck-container\"><ul id=\"menu-zurueck\" class=\"ui nav fullwidth transparent \"><li id=\"menu-item-139\" class=\"menu-item menu-item-type-custom menu-item-object-custom menu-item-home menu-item-139\"><a href=\"https:\/\/www.zumkamin-hannover.de\/\">Zur\u00fcck zur Startseite<\/a><\/li>\n<\/ul><\/div>    <\/div>\n    <!-- \/module menu -->\n\n                        <\/div>\n                    \t\t<\/div>\n\t\t                                <\/div>\n                                <!-- \/row_inner -->\n                        <\/div>\n                        <!-- \/module_row -->\n\t\t\t\n\t\t<!-- module_row -->\n\t\t<div  class=\"themify_builder_row module_row clearfix builder-parallax-scrolling fullwidth_row_container module_row_2 themify_builder_149_row module_row_149-2\">\n\t\t\t<div class=\"builder_row_cover \"><\/div>\t\t\t<div class=\"row_inner col_align_top\" >\n                            \n\t\t<div  class=\"module_column tb-column col-full first tb_149_column module_column_0 module_column_149-2-0\" >\n                                                                <div class=\"tb-column-inner\">\n                            \n\n<!-- module text -->\n<div  id=\"text-149-2-0-0\" class=\"module module-text text-149-2-0-0  repeat  wow fadeInUp \">\n    <!--insert-->\n    \n        <h1>IMPRESSUM<\/h1>        <\/div>\n<!-- \/module text -->\n\n                        <\/div>\n                    \t\t<\/div>\n\t\t                                <\/div>\n                                <!-- \/row_inner -->\n                        <\/div>\n                        <!-- \/module_row -->\n\t\t\t\n\t\t<!-- module_row -->\n\t\t<div  class=\"themify_builder_row module_row clearfix fullwidth module_row_3 themify_builder_149_row module_row_149-3\">\n\t\t\t\t\t\t<div class=\"row_inner col_align_top\" >\n                            \n\t\t<div  class=\"module_column tb-column col-full first tb_149_column module_column_0 module_column_149-3-0\" >\n                                        \t\t<\/div>\n\t\t                                <\/div>\n                                <!-- \/row_inner -->\n                        <\/div>\n                        <!-- \/module_row -->\n\t\t\t\n\t\t<!-- module_row -->\n\t\t<div  class=\"themify_builder_row module_row clearfix module_row_4 themify_builder_149_row module_row_149-4\">\n\t\t\t\t\t\t<div class=\"row_inner col_align_top\" >\n                            \n\t\t<div style=\"width:63.8549%\" class=\"module_column tb-column col4-3 first tb_149_column module_column_0 module_column_149-4-0\" >\n                                                                <div class=\"tb-column-inner\">\n                            \n\n<!-- module text -->\n<div  id=\"text-149-4-0-0\" class=\"module module-text text-149-4-0-0  repeat  wow fadeInLeft \">\n    <!--insert-->\n    \n        <p><strong>Zum Kamin Hannover <\/strong><\/p>\n<div data-dtype=\"d3ifr\" data-local-attribute=\"d3ph\" data-ved=\"2ahUKEwjY6I7atZLnAhUMQEEAHaHHCKwQ8I0BKAAwEXoECBEQBQ\">USt-IdNr.: DE 297 496 804<\/div>\n<div data-dtype=\"d3ifr\" data-local-attribute=\"d3ph\" data-ved=\"2ahUKEwjY6I7atZLnAhUMQEEAHaHHCKwQ8I0BKAAwEXoECBEQBQ\">\u00a0<\/div>\n<div data-dtype=\"d3ifr\" data-local-attribute=\"d3ph\" data-ved=\"2ahUKEwjY6I7atZLnAhUMQEEAHaHHCKwQ8I0BKAAwEXoECBEQBQ\">\n<div class=\"su-box-content su-clearfix\">\n<p><strong>Disclaimer<\/strong><\/p>\n<p><strong>Haftung f\u00fcr Inhalte<\/strong><\/p>\n<p>Als Diensteanbieter sind wir gem\u00e4\u00df \u00a7 7 Abs.1 TMG f\u00fcr eigene Inhalte auf diesen Seiten nach den allgemeinen Gesetzen verantwortlich. Nach \u00a7\u00a7 8 bis 10 TMG sind wir als Diensteanbieter jedoch nicht verpflichtet, \u00fcbermittelte oder gespeicherte fremde Informationen zu \u00fcberwachen oder nach Umst\u00e4nden zu forschen, die auf eine rechtswidrige T\u00e4tigkeit hinweisen.<\/p>\n<p>Verpflichtungen zur Entfernung oder Sperrung der Nutzung von Informationen nach den allgemeinen Gesetzen bleiben hiervon unber\u00fchrt. Eine diesbez\u00fcgliche Haftung ist jedoch erst ab dem Zeitpunkt der Kenntnis einer konkreten Rechtsverletzung m\u00f6glich. Bei Bekanntwerden von entsprechenden Rechtsverletzungen werden wir diese Inhalte umgehend entfernen.<\/p>\n<p><strong>Haftung f\u00fcr Links<\/strong><\/p>\n<p>Unser Angebot enth\u00e4lt Links zu externen Websites Dritter, auf deren Inhalte wir keinen Einfluss haben. Deshalb k\u00f6nnen wir f\u00fcr diese fremden Inhalte auch keine Gew\u00e4hr \u00fcbernehmen. F\u00fcr die Inhalte der verlinkten Seiten ist stets der jeweilige Anbieter oder Betreiber der Seiten verantwortlich. Die verlinkten Seiten wurden zum Zeitpunkt der Verlinkung auf m\u00f6gliche Rechtsverst\u00f6\u00dfe \u00fcberpr\u00fcft. Rechtswidrige Inhalte waren zum Zeitpunkt der Verlinkung nicht erkennbar.<\/p>\n<p>Eine permanente inhaltliche Kontrolle der verlinkten Seiten ist jedoch ohne konkrete Anhaltspunkte einer Rechtsverletzung nicht zumutbar. Bei Bekanntwerden von Rechtsverletzungen werden wir derartige Links umgehend entfernen.<\/p>\n<p><strong>Urheberrecht<\/strong><\/p>\n<p>Die durch die Seitenbetreiber erstellten Inhalte und Werke auf diesen Seiten unterliegen dem deutschen Urheberrecht. Die Vervielf\u00e4ltigung, Bearbeitung, Verbreitung und jede Art der Verwertung au\u00dferhalb der Grenzen des Urheberrechtes bed\u00fcrfen der schriftlichen Zustimmung des jeweiligen Autors bzw. Erstellers. Downloads und Kopien dieser Seite sind nur f\u00fcr den privaten, nicht kommerziellen Gebrauch gestattet.<\/p>\n<p>Soweit die Inhalte auf dieser Seite nicht vom Betreiber erstellt wurden, werden die Urheberrechte Dritter beachtet. Insbesondere werden Inhalte Dritter als solche gekennzeichnet. Sollten Sie trotzdem auf eine Urheberrechtsverletzung aufmerksam werden, bitten wir um einen entsprechenden Hinweis. Bei Bekanntwerden von Rechtsverletzungen werden wir derartige Inhalte umgehend entfernen.<\/p>\n<\/div>\n<\/div>        <\/div>\n<!-- \/module text -->\n\n\n\n<!-- module text -->\n<div  id=\"text-149-4-0-1\" class=\"module module-text text-149-4-0-1  repeat  \">\n    <!--insert-->\n    \n        <p><strong>Datenschutzerkl\u00e4rung<\/strong><\/p>\n<p>Verantwortlicher im Sinne der Datenschutzgesetze, insbesondere der EU-Datenschutzgrundverordnung (DSGVO), ist:<\/p>\n<p>Zum Kamin Hannover<\/p>\n<p><strong>Ihre Betroffenenrechte<\/strong><\/p>\n<p>Unter den angegebenen Kontaktdaten unseres Datenschutzbeauftragten k\u00f6nnen Sie jederzeit folgende Rechte aus\u00fcben:<\/p>\n<ul>\n<li>Auskunft \u00fcber Ihre bei uns gespeicherten Daten und deren Verarbeitung (Art. 15 DSGVO),<\/li>\n<li>Berichtigung unrichtiger personenbezogener Daten (Art. 16 DSGVO),<\/li>\n<li>L\u00f6schung Ihrer bei uns gespeicherten Daten (Art. 17 DSGVO),<\/li>\n<li>Einschr\u00e4nkung der Datenverarbeitung, sofern wir Ihre Daten aufgrund gesetzlicher Pflichten noch nicht l\u00f6schen d\u00fcrfen (Art. 18 DSGVO),<\/li>\n<li>Widerspruch gegen die Verarbeitung Ihrer Daten bei uns (Art. 21 DSGVO) und<\/li>\n<li>Daten\u00fcbertragbarkeit, sofern Sie in die Datenverarbeitung eingewilligt haben oder einen Vertrag mit uns abgeschlossen haben (Art. 20 DSGVO).<\/li>\n<\/ul>\n<p>Sofern Sie uns eine Einwilligung erteilt haben, k\u00f6nnen Sie diese jederzeit mit Wirkung f\u00fcr die Zukunft widerrufen.<\/p>\n<p>Sie k\u00f6nnen sich jederzeit mit einer Beschwerde an eine Aufsichtsbeh\u00f6rde wenden, z. B. an die zust\u00e4ndige Aufsichtsbeh\u00f6rde des Bundeslands Ihres Wohnsitzes oder an die f\u00fcr uns als verantwortliche Stelle zust\u00e4ndige Beh\u00f6rde.<\/p>\n<p>Eine Liste der Aufsichtsbeh\u00f6rden (f\u00fcr den nicht\u00f6ffentlichen Bereich) mit Anschrift finden Sie unter: <a href=\"https:\/\/www.bfdi.bund.de\/DE\/Service\/Anschriften\/Laender\/Laender-node.html\" target=\"_blank\" rel=\"noopener nofollow\">https:\/\/www.bfdi.bund.de\/DE\/Service\/Anschriften\/Laender\/Laender-node.html<\/a>.<\/p>\n<p><strong>Verwendung von Google Maps<\/strong><\/p>\n<p>Auf dieser Website nutzen wir das Angebot von Google Maps. Google Maps wird von Google LLC, 1600 Amphitheatre Parkway, Mountain View, CA 94043, USA (nachfolgend \u201eGoogle\u201c) betrieben. Dadurch k\u00f6nnen wir Ihnen interaktive Karten direkt in der Webseite anzeigen und erm\u00f6glichen Ihnen die komfortable Nutzung der Karten-Funktion.<br \/>N\u00e4here Informationen \u00fcber die Datenverarbeitung durch Google k\u00f6nnen Sie den Google-Datenschutzhinweisen entnehmen: <a href=\"https:\/\/policies.google.com\/privacy\" target=\"_blank\" rel=\"noopener nofollow\">https:\/\/policies.google.com\/privacy<\/a>. Dort k\u00f6nnen Sie im Datenschutzcenter auch Ihre pers\u00f6nlichen Datenschutz-Einstellungen ver\u00e4ndern.<\/p>\n<p>Ausf\u00fchrliche Anleitungen zur Verwaltung der eigenen Daten im Zusammenhang mit Google-Produkten finden Sie hier: <a href=\"https:\/\/www.dataliberation.org\/\" target=\"_blank\" rel=\"noopener nofollow\">https:\/\/www.dataliberation.org<\/a><\/p>\n<p>Durch den Besuch der Website erh\u00e4lt Google Informationen, dass Sie die entsprechende Unterseite unserer Webseite aufgerufen haben. Dies erfolgt unabh\u00e4ngig davon, ob Google ein Nutzerkonto bereitstellt, \u00fcber das Sie eingeloggt sind, oder ob keine Nutzerkonto besteht. Wenn Sie bei Google eingeloggt sind, werden Ihre Daten direkt Ihrem Konto zugeordnet.<\/p>\n<p>Wenn Sie die Zuordnung in Ihrem Profil bei Google nicht w\u00fcnschen, m\u00fcssen Sie sich vor Aktivierung des Buttons bei Google ausloggen. Google speichert Ihre Daten als Nutzungsprofile und nutzt sie f\u00fcr Zwecke der Werbung, Marktforschung und\/oder bedarfsgerechter Gestaltung seiner Websites. Eine solche Auswertung erfolgt insbesondere (selbst f\u00fcr nicht eingeloggte Nutzer) zur Erbringung bedarfsgerechter Werbung und um andere Nutzer des sozialen Netzwerks \u00fcber Ihre Aktivit\u00e4ten auf unserer Website zu informieren. Ihnen steht ein Widerspruchsrecht zu gegen die Bildung dieser Nutzerprofile, wobei Sie sich zur Aus\u00fcbung dessen an Google richten m\u00fcssen.<\/p>\n<p><strong>Widerruf der Einwilligung:<\/strong><\/p>\n<p>Vom Anbieter wird derzeit keine M\u00f6glichkeit f\u00fcr einen einfachen Opt-out oder ein Blockieren der Daten\u00fcbertragung angeboten. Wenn Sie eine Nachverfolgung Ihrer Aktivit\u00e4ten auf unserer Website verhindern wollen, widerrufen Sie bitte im Cookie-Consent-Tool Ihre Einwilligung f\u00fcr die entsprechende Cookie-Kategorie oder alle technisch nicht notwendigen Cookies und Daten\u00fcbertragungen. In diesem Fall k\u00f6nnen Sie unsere Website jedoch ggfs. nicht oder nur eingeschr\u00e4nkt nutzen.<\/p>\n<hr \/>\n<p><strong>Information \u00fcber Ihr Widerspruchsrecht nach Art. 21 DSGVO<\/strong><\/p>\n<p><strong>Einzelfallbezogenes Widerspruchsrecht<\/strong><\/p>\n<p>Sie haben das Recht, aus Gr\u00fcnden, die sich aus Ihrer besonderen Situation ergeben, jederzeit gegen die Verarbeitung Sie betreffender personenbezogener Daten, die aufgrund Art. 6 Abs. 1 lit. f DSGVO (Datenverarbeitung auf der Grundlage einer Interessenabw\u00e4gung) erfolgt, Widerspruch einzulegen; dies gilt auch f\u00fcr ein auf diese Bestimmung gest\u00fctztes Profiling im Sinne von Art. 4 Nr. 4 DSGVO.<\/p>\n<p>Legen Sie Widerspruch ein, werden wir Ihre personenbezogenen Daten nicht mehr verarbeiten, es sei denn, wir k\u00f6nnen zwingende schutzw\u00fcrdige Gr\u00fcnde f\u00fcr die Verarbeitung nachweisen, die Ihre Interessen, Rechte und Freiheiten \u00fcberwiegen, oder die Verarbeitung dient der Geltendmachung, Aus\u00fcbung oder Verteidigung von Rechtsanspr\u00fcchen.<\/p>\n<p>Empf\u00e4nger eines Widerspruchs<\/p>\n<hr \/>\n<p><strong>\u00c4nderung unserer Datenschutzbestimmungen<\/strong><\/p>\n<p>Wir behalten uns vor, diese Datenschutzerkl\u00e4rung anzupassen, damit sie stets den aktuellen rechtlichen Anforderungen entspricht oder um \u00c4nderungen unserer Leistungen in der Datenschutzerkl\u00e4rung umzusetzen, z.B. bei der Einf\u00fchrung neuer Services. F\u00fcr Ihren erneuten Besuch gilt dann die neue Datenschutzerkl\u00e4rung.<\/p>\n<p><strong>Fragen an den Datenschutzbeauftragten<\/strong><\/p>\n<p>Wenn Sie Fragen zum Datenschutz haben, schreiben Sie uns bitte eine E-Mail oder wenden Sie sich direkt an die f\u00fcr den Datenschutz verantwortliche Person in unserer Organisation:<\/p>\n<p><em>Die Datenschutzerkl\u00e4rung wurde mithilfe der activeMind AG erstellt, den Experten f\u00fcr <a href=\"https:\/\/www.activemind.de\/datenschutz\/datenschutzbeauftragter\/\" target=\"_blank\" rel=\"noopener\">externe Datenschutzbeauftragte<\/a> (Version #2020-09-30).<\/em><\/p>        <\/div>\n<!-- \/module text -->\n\n                        <\/div>\n                    \t\t<\/div>\n\t\t\n\t\t<div style=\"width:32.9454%\" class=\"module_column tb-column col4-1 last tb_149_column module_column_1 module_column_149-4-1 repeat contact-info\" >\n                                                                <div class=\"tb-column-inner\">\n                            \n\n    <!-- module feature -->\n    <div  id=\"feature-149-4-1-0\" class=\"module module-feature feature-149-4-1-0 with-chart layout-icon-left size-small   wow fadeInRight\">\n        <!--insert-->\n        <style type=\"text\/css\">#feature-149-4-1-0 .chart-html5-inset {background-color: #434789}<\/style>\n        \n        <div class=\"module-feature-image\">\n            \n            \n                <div class=\"module-feature-chart-html5\"\n                                     >\n                    <div class=\"chart-html5-circle\">\n                                                <div class=\"chart-html5-inset chart-html5-inset-icon\">\n\n                                                            <div class=\"module-feature-background\" style=\"background: #434789\"><\/div>                                <i class=\"module-feature-icon ti-location-arrow\" style=\"color: #ffffff\"><\/i>                            \n                        <\/div>\n                    <\/div>\n                <\/div>\n\n                \n        <\/div>\n\n        <div class=\"module-feature-content\">\n\t\t\t<h3 class=\"module-feature-title\">Postadresse<\/h3>            <p>Zum Kamin Hannover<br \/>Arnswaldstra\u00dfe 27<br \/>30159 Hannover<\/p>            <\/div>\n\n    <\/div>\n    <!-- \/module feature -->\n\n\n\n    <!-- module feature -->\n    <div  id=\"feature-149-4-1-1\" class=\"module module-feature feature-149-4-1-1 with-chart layout-icon-left size-small   wow fadeInRight\">\n        <!--insert-->\n        <style type=\"text\/css\">#feature-149-4-1-1 .chart-html5-inset {background-color: #434789}<\/style>\n        \n        <div class=\"module-feature-image\">\n            \n            \n                <div class=\"module-feature-chart-html5\"\n                                     >\n                    <div class=\"chart-html5-circle\">\n                                                <div class=\"chart-html5-inset chart-html5-inset-icon\">\n\n                                                            <div class=\"module-feature-background\" style=\"background: #434789\"><\/div>                                <i class=\"module-feature-icon ti-time\" style=\"color: #ffffff\"><\/i>                            \n                        <\/div>\n                    <\/div>\n                <\/div>\n\n                \n        <\/div>\n\n        <div class=\"module-feature-content\">\n\t\t\t<h3 class=\"module-feature-title\">\u00d6ffnungszeiten<\/h3>            <p><strong>Montags \u2013 Freitags ab 16.00 (April \u2013 September)<\/strong><\/p>\n<p><strong>Montags \u2013 Samstags ab 16.00 (Oktober \u2013 M\u00e4rz)<\/strong><\/p>            <\/div>\n\n    <\/div>\n    <!-- \/module feature -->\n\n\n\n    <!-- module feature -->\n    <div  id=\"feature-149-4-1-2\" class=\"module module-feature feature-149-4-1-2 with-chart layout-icon-left size-small   wow fadeInRight\">\n        <!--insert-->\n        <style type=\"text\/css\">#feature-149-4-1-2 .chart-html5-inset {background-color: #434789}<\/style>\n        \n        <div class=\"module-feature-image\">\n            \n            \n                <div class=\"module-feature-chart-html5\"\n                                     >\n                    <div class=\"chart-html5-circle\">\n                                                <div class=\"chart-html5-inset chart-html5-inset-icon\">\n\n                                                            <div class=\"module-feature-background\" style=\"background: #434789\"><\/div>                                <i class=\"module-feature-icon ti-email\" style=\"color: #ffffff\"><\/i>                            \n                        <\/div>\n                    <\/div>\n                <\/div>\n\n                \n        <\/div>\n\n        <div class=\"module-feature-content\">\n\t\t\t<h3 class=\"module-feature-title\">Kontakt<\/h3>            <p>Telefon: 0511 \/ 320426<\/p>            <\/div>\n\n    <\/div>\n    <!-- \/module feature -->\n\n                        <\/div>\n                    \t\t<\/div>\n\t\t                                <\/div>\n                                <!-- \/row_inner -->\n                        <\/div>\n                        <!-- \/module_row -->\n\t\t\t\n\t\t<!-- module_row -->\n\t\t<div  class=\"themify_builder_row module_row clearfix repeat module_row_5 themify_builder_149_row module_row_149-5\">\n\t\t\t\t\t\t<div class=\"row_inner col_align_top\" >\n                            \n\t\t<div  class=\"module_column tb-column col3-1 first tb_149_column module_column_0 module_column_149-5-0\" >\n                                        \t\t<\/div>\n\t\t\n\t\t<div  class=\"module_column tb-column col3-1 middle tb_149_column module_column_1 module_column_149-5-1\" >\n                                                                <div class=\"tb-column-inner\">\n                            \n\n<!-- module text -->\n<div  id=\"text-149-5-1-0\" class=\"module module-text text-149-5-1-0  repeat  \">\n    <!--insert-->\n    \n        <p style=\"text-align: center;\">\u00a9 Zum Kamin Hannover 2026<\/p>        <\/div>\n<!-- \/module text -->\n\n                        <\/div>\n                    \t\t<\/div>\n\t\t\n\t\t<div  class=\"module_column tb-column col3-1 last tb_149_column module_column_2 module_column_149-5-2\" >\n                                        \t\t<\/div>\n\t\t                                <\/div>\n                                <!-- \/row_inner -->\n                        <\/div>\n                        <!-- \/module_row -->\n\t\t<\/div>\n","protected":false},"excerpt":{"rendered":"<p>Zur\u00fcck zur Startseite IMPRESSUM Zum Kamin Hannover USt-IdNr.: DE 297 496 804 \u00a0 Disclaimer Haftung f\u00fcr Inhalte Als Diensteanbieter sind wir gem\u00e4\u00df \u00a7 7 Abs.1 TMG f\u00fcr eigene Inhalte auf diesen Seiten nach den allgemeinen Gesetzen verantwortlich. Nach \u00a7\u00a7 8 bis 10 TMG sind wir als Diensteanbieter jedoch nicht verpflichtet, \u00fcbermittelte oder gespeicherte fremde Informationen [&hellip;]<\/p>\n","protected":false},"author":1,"featured_media":0,"parent":0,"menu_order":0,"comment_status":"closed","ping_status":"closed","template":"","meta":{"footnotes":""},"class_list":["post-149","page","type-page","status-publish","hentry","has-post-title","has-post-date","has-post-category","has-post-tag","has-post-comment","has-post-author",""],"_links":{"self":[{"href":"https:\/\/www.zumkamin-hannover.de\/index.php?rest_route=\/wp\/v2\/pages\/149","targetHints":{"allow":["GET"]}}],"collection":[{"href":"https:\/\/www.zumkamin-hannover.de\/index.php?rest_route=\/wp\/v2\/pages"}],"about":[{"href":"https:\/\/www.zumkamin-hannover.de\/index.php?rest_route=\/wp\/v2\/types\/page"}],"author":[{"embeddable":true,"href":"https:\/\/www.zumkamin-hannover.de\/index.php?rest_route=\/wp\/v2\/users\/1"}],"replies":[{"embeddable":true,"href":"https:\/\/www.zumkamin-hannover.de\/index.php?rest_route=%2Fwp%2Fv2%2Fcomments&post=149"}],"version-history":[{"count":48,"href":"https:\/\/www.zumkamin-hannover.de\/index.php?rest_route=\/wp\/v2\/pages\/149\/revisions"}],"predecessor-version":[{"id":804,"href":"https:\/\/www.zumkamin-hannover.de\/index.php?rest_route=\/wp\/v2\/pages\/149\/revisions\/804"}],"wp:attachment":[{"href":"https:\/\/www.zumkamin-hannover.de\/index.php?rest_route=%2Fwp%2Fv2%2Fmedia&parent=149"}],"curies":[{"name":"wp","href":"https:\/\/api.w.org\/{rel}","templated":true}]}}